{"id":81552,"date":"2023-10-28T14:25:23","date_gmt":"2023-10-28T14:25:23","guid":{"rendered":"https:\/\/firmaefraim.st\/?page_id=81552"},"modified":"2026-02-28T10:47:04","modified_gmt":"2026-02-28T10:47:04","slug":"products","status":"publish","type":"page","link":"https:\/\/firmaefraim.st\/pt\/products\/","title":{"rendered":"Produtos"},"content":{"rendered":"<div class=\"et_d4_element et_pb_section et_pb_section_0  et_pb_css_mix_blend_mode et_section_regular et_block_section\" >\n\t\t\t\t\n\t\t\t\t\n\t\t\t\t\n\t\t\t\t\n\t\t\t\t\n\t\t\t\t\n\t\t\t\t<div class=\"et_d4_element et_pb_row et_pb_row_0 et_pb_gutters1  et_pb_css_mix_blend_mode et_block_row\">\n\t\t\t\t<div class=\"et_d4_element et_pb_column_4_4 et_pb_column et_pb_column_0  et_pb_css_mix_blend_mode et-last-child et_block_column\">\n\t\t\t\t\n\t\t\t\t\n\t\t\t\t\n\t\t\t\t\n\t\t\t\t<div class=\"et_pb_module et_d4_element et_pb_text et_pb_text_0  et_pb_text_align_left et_pb_bg_layout_light\">\n\t\t\t\t\n\t\t\t\t\n\t\t\t\t\n\t\t\t\t\n\t\t\t\t<div class=\"et_pb_text_inner\"><h1>A nossa variedade de sabores<\/h1><\/div>\n\t\t\t<\/div>\n\t\t\t<\/div>\n\t\t\t\t\n\t\t\t\t\n\t\t\t\t\n\t\t\t\t\n\t\t\t<\/div><div class=\"et_d4_element et_pb_row et_pb_row_1 et_pb_equal_columns et_pb_gutters2  et_pb_css_mix_blend_mode et_block_row\">\n\t\t\t\t<div class=\"et_d4_element et_pb_column_4_4 et_pb_column et_pb_column_1  et_pb_css_mix_blend_mode et-last-child et_block_column\">\n\t\t\t\t\n\t\t\t\t\n\t\t\t\t\n\t\t\t\t\n\t\t\t\t<div class=\"et_pb_module et_d4_element et_pb_divider et_pb_divider_0 et_pb_space\"><div class=\"et_pb_divider_internal\"><\/div><\/div><div class=\"et_pb_module et_d4_element et_pb_text et_pb_text_1  et_pb_text_align_left et_pb_bg_layout_light\">\n\t\t\t\t\n\t\t\t\t\n\t\t\t\t\n\t\t\t\t\n\t\t\t\t<div class=\"et_pb_text_inner\"><h1>Caf\u00e9s<\/h1><\/div>\n\t\t\t<\/div><div class=\"et_pb_module et_d4_element et_pb_text et_pb_text_2  et_pb_text_align_center et_pb_bg_layout_light\">\n\t\t\t\t\n\t\t\t\t\n\t\t\t\t\n\t\t\t\t\n\t\t\t\t<div class=\"et_pb_text_inner\">Cultivado de forma biol\u00f3gica em S\u00e3o Tom\u00e9 e Pr\u00edncipe, o nosso caf\u00e9 nasce de um processo lento e respeitador da terra.<\/div>\n\t\t\t<\/div>\n\t\t\t<\/div>\n\t\t\t\t\n\t\t\t\t\n\t\t\t\t\n\t\t\t\t\n\t\t\t<\/div><div class=\"et_pb_with_border et_d4_element et_pb_row et_pb_row_2 et_pb_equal_columns et_pb_gutters1  et_pb_css_mix_blend_mode et_block_row\">\n\t\t\t\t<div class=\"et_d4_element et_pb_column_1_2 et_pb_column et_pb_column_2  et_pb_css_mix_blend_mode et_block_column\">\n\t\t\t\t\n\t\t\t\t\n\t\t\t\t\n\t\t\t\t\n\t\t\t\t<div class=\"et_pb_module et_d4_element et_pb_image et_pb_image_0\">\n\t\t\t\t\n\t\t\t\t\n\t\t\t\t\n\t\t\t\t\n\t\t\t\t<span class=\"et_pb_image_wrap\"><img loading=\"lazy\" decoding=\"async\" width=\"1500\" height=\"1950\" src=\"https:\/\/firmaefraim.st\/wp-content\/uploads\/2024\/04\/Cafe-Arabica.png\" alt=\"\" title=\"Cafe\u0301 Ara\u0301bica\" srcset=\"https:\/\/firmaefraim.st\/wp-content\/uploads\/2024\/04\/Cafe-Arabica.png 1500w, https:\/\/firmaefraim.st\/wp-content\/uploads\/2024\/04\/Cafe-Arabica-1280x1664.png 1280w, https:\/\/firmaefraim.st\/wp-content\/uploads\/2024\/04\/Cafe-Arabica-980x1274.png 980w, https:\/\/firmaefraim.st\/wp-content\/uploads\/2024\/04\/Cafe-Arabica-480x624.png 480w\" sizes=\"(min-width: 0px) and (max-width: 480px) 480px, (min-width: 481px) and (max-width: 980px) 980px, (min-width: 981px) and (max-width: 1280px) 1280px, (min-width: 1281px) 1500px, 100vw\" class=\"wp-image-81970\" \/><\/span>\n\t\t\t<\/div>\n\t\t\t<\/div><div class=\"et_d4_element et_pb_column_1_2 et_pb_column et_pb_column_3 right_coffee_product  et_pb_css_mix_blend_mode et-last-child et_block_column\">\n\t\t\t\t\n\t\t\t\t\n\t\t\t\t\n\t\t\t\t\n\t\t\t\t<div class=\"et_pb_module et_d4_element et_pb_text et_pb_text_3  et_pb_text_align_center et_pb_bg_layout_light\">\n\t\t\t\t\n\t\t\t\t\n\t\t\t\t\n\t\t\t\t\n\t\t\t\t<div class=\"et_pb_text_inner\"><p>Caf\u00e9 Ar\u00e1bica<\/p><\/div>\n\t\t\t<\/div><div class=\"et_pb_module et_d4_element et_pb_text et_pb_text_4  et_pb_text_align_center et_pb_bg_layout_light\">\n\t\t\t\t\n\t\t\t\t\n\t\t\t\t\n\t\t\t\t\n\t\t\t\t<div class=\"et_pb_text_inner\">Mergulhe no universo refinado do caf\u00e9 Ar\u00e1bica 100% biol\u00f3gico, cultivado nas terras altas de Monte Caf\u00e9, em S\u00e3o Tom\u00e9 e Pr\u00edncipe. Suave e arom\u00e1tico, este caf\u00e9 revela notas delicadas moldadas pela altitude, pelo solo rico e por um cultivo cuidado.<\/div>\n\t\t\t<\/div><div class=\"et_pb_with_border et_pb_module et_d4_element et_pb_code et_pb_code_0  et_pb_text_align_left\">\n\t\t\t\t\n\t\t\t\t\n\t\t\t\t\n\t\t\t\t\n\t\t\t\t<div class=\"et_pb_code_inner\"><div class=\"coffee_pricing\">\n  <div class=\"grinded_coffee\">\n  <h4><strong>MO\u00cdDO<\/strong><\/h4>\n\t\n\t\t<ul>\n      <li>125g<\/li>\n      <li>250g<\/li>\n      <li>500g<\/li>\n      <li>1kg<\/li> \n  <\/ul>\n\t\n<\/div>\n\n<div class=\"roasted_coffee\">\n  <h4><strong>TORRADO<\/strong><\/h4>\n\t\n\t\t<ul>\n      <li>125g<\/li>\n      <li>250g<\/li>\n      <li>500g<\/li>\n      <li>1kg<\/li> \n  <\/ul>\n\t\n<\/div>\n\n<\/div><\/div>\n\t\t\t<\/div><div class=\"et_pb_button_module_wrapper et_pb_button_0_wrapper et_pb_button_alignment_center et_pb_module\">\n\t\t\t\t<a class=\"et_pb_button et_d4_element et_pb_button_0 et_pb_bg_layout_light et_block_module\" href=\"https:\/\/wa.me\/2399010111?text=Hello,%20I%20would%20like%20to%20order%20the%20*COFFEE%20ARABICA*.%20Could%20you%20please%20confirm%20availability,%20sizes,%20and%20next%20steps?%20Thank%20you.\" target=\"_blank\" data-icon=\"\uf232\">Encomendar<\/a>\n\t\t\t<\/div>\n\t\t\t<\/div>\n\t\t\t\t\n\t\t\t\t\n\t\t\t\t\n\t\t\t\t\n\t\t\t<\/div><div class=\"et_pb_with_border et_d4_element et_pb_row et_pb_row_3 et_pb_equal_columns et_pb_gutters1  et_pb_css_mix_blend_mode et_block_row\">\n\t\t\t\t<div class=\"et_d4_element et_pb_column_1_2 et_pb_column et_pb_column_4 right_coffee_product  et_pb_css_mix_blend_mode et_block_column\">\n\t\t\t\t\n\t\t\t\t\n\t\t\t\t\n\t\t\t\t\n\t\t\t\t<div class=\"et_pb_module et_d4_element et_pb_text et_pb_text_5  et_pb_text_align_center et_pb_bg_layout_light\">\n\t\t\t\t\n\t\t\t\t\n\t\t\t\t\n\t\t\t\t\n\t\t\t\t<div class=\"et_pb_text_inner\"><p>Caf\u00e9 Robusta<\/p><\/div>\n\t\t\t<\/div><div class=\"et_pb_module et_d4_element et_pb_text et_pb_text_6  et_pb_text_align_center et_pb_bg_layout_light\">\n\t\t\t\t\n\t\t\t\t\n\t\t\t\t\n\t\t\t\t\n\t\t\t\t<div class=\"et_pb_text_inner\">Explore o car\u00e1cter intenso do caf\u00e9 Robusta 100% biol\u00f3gico, cultivado nas terras f\u00e9rteis de Monte Caf\u00e9, em S\u00e3o Tom\u00e9 e Pr\u00edncipe. Encorpado e intenso, revela sabores profundos e uma presen\u00e7a marcante em cada ch\u00e1vena.<\/div>\n\t\t\t<\/div><div class=\"et_pb_with_border et_pb_module et_d4_element et_pb_code et_pb_code_1  et_pb_text_align_left\">\n\t\t\t\t\n\t\t\t\t\n\t\t\t\t\n\t\t\t\t\n\t\t\t\t<div class=\"et_pb_code_inner\"><div class=\"coffee_pricing\">\n  <div class=\"grinded_coffee\">\n  <h4><strong>MO\u00cdDO<\/strong><\/h4>\n\t\n\t\t<ul>\n      <li>125g<\/li>\n      <li>250g<\/li>\n      <li>500g<\/li>\n      <li>1kg<\/li> \n  <\/ul>\n\t\n<\/div>\n\n<div class=\"roasted_coffee\">\n  <h4><strong>TORRADO<\/strong><\/h4>\n\t\n\t\t<ul>\n      <li>125g<\/li>\n      <li>250g<\/li>\n      <li>500g<\/li>\n      <li>1kg<\/li> \n  <\/ul>\n\t\n<\/div>\n\n<\/div><\/div>\n\t\t\t<\/div><div class=\"et_pb_button_module_wrapper et_pb_button_1_wrapper et_pb_button_alignment_center et_pb_module\">\n\t\t\t\t<a class=\"et_pb_button et_d4_element et_pb_button_1 et_pb_bg_layout_light et_block_module\" href=\"https:\/\/wa.me\/2399010111?text=Hello,%20I%20would%20like%20to%20order%20the%20*COFFEE%20ROBUSTA*.%20Please%20let%20me%20know%20availability%20and%20how%20to%20proceed.%20Thank%20you.\" data-icon=\"\uf232\">Encomendar<\/a>\n\t\t\t<\/div>\n\t\t\t<\/div><div class=\"et_d4_element et_pb_column_1_2 et_pb_column et_pb_column_5  et_pb_css_mix_blend_mode et-last-child et_block_column\">\n\t\t\t\t\n\t\t\t\t\n\t\t\t\t\n\t\t\t\t\n\t\t\t\t<div class=\"et_pb_module et_d4_element et_pb_image et_pb_image_1\">\n\t\t\t\t\n\t\t\t\t\n\t\t\t\t\n\t\t\t\t\n\t\t\t\t<span class=\"et_pb_image_wrap\"><img loading=\"lazy\" decoding=\"async\" width=\"1500\" height=\"1950\" src=\"https:\/\/firmaefraim.st\/wp-content\/uploads\/2024\/04\/Cafe-Robusta.png\" alt=\"\" title=\"Cafe\u0301 Robu\u0301sta\" srcset=\"https:\/\/firmaefraim.st\/wp-content\/uploads\/2024\/04\/Cafe-Robusta.png 1500w, https:\/\/firmaefraim.st\/wp-content\/uploads\/2024\/04\/Cafe-Robusta-1280x1664.png 1280w, https:\/\/firmaefraim.st\/wp-content\/uploads\/2024\/04\/Cafe-Robusta-980x1274.png 980w, https:\/\/firmaefraim.st\/wp-content\/uploads\/2024\/04\/Cafe-Robusta-480x624.png 480w\" sizes=\"(min-width: 0px) and (max-width: 480px) 480px, (min-width: 481px) and (max-width: 980px) 980px, (min-width: 981px) and (max-width: 1280px) 1280px, (min-width: 1281px) 1500px, 100vw\" class=\"wp-image-81973\" \/><\/span>\n\t\t\t<\/div>\n\t\t\t<\/div>\n\t\t\t\t\n\t\t\t\t\n\t\t\t\t\n\t\t\t\t\n\t\t\t<\/div><div class=\"et_pb_with_border et_d4_element et_pb_row et_pb_row_4 et_pb_equal_columns et_pb_gutters1  et_pb_css_mix_blend_mode et_block_row\">\n\t\t\t\t<div class=\"et_d4_element et_pb_column_1_2 et_pb_column et_pb_column_6  et_pb_css_mix_blend_mode et_block_column\">\n\t\t\t\t\n\t\t\t\t\n\t\t\t\t\n\t\t\t\t\n\t\t\t\t<div class=\"et_pb_module et_d4_element et_pb_image et_pb_image_2\">\n\t\t\t\t\n\t\t\t\t\n\t\t\t\t\n\t\t\t\t\n\t\t\t\t<span class=\"et_pb_image_wrap\"><img loading=\"lazy\" decoding=\"async\" width=\"1500\" height=\"1950\" src=\"https:\/\/firmaefraim.st\/wp-content\/uploads\/2024\/04\/Cafe-Blend.png\" alt=\"\" title=\"Cafe\u0301 Blend\" srcset=\"https:\/\/firmaefraim.st\/wp-content\/uploads\/2024\/04\/Cafe-Blend.png 1500w, https:\/\/firmaefraim.st\/wp-content\/uploads\/2024\/04\/Cafe-Blend-1280x1664.png 1280w, https:\/\/firmaefraim.st\/wp-content\/uploads\/2024\/04\/Cafe-Blend-980x1274.png 980w, https:\/\/firmaefraim.st\/wp-content\/uploads\/2024\/04\/Cafe-Blend-480x624.png 480w\" sizes=\"(min-width: 0px) and (max-width: 480px) 480px, (min-width: 481px) and (max-width: 980px) 980px, (min-width: 981px) and (max-width: 1280px) 1280px, (min-width: 1281px) 1500px, 100vw\" class=\"wp-image-81971\" \/><\/span>\n\t\t\t<\/div>\n\t\t\t<\/div><div class=\"et_d4_element et_pb_column_1_2 et_pb_column et_pb_column_7 right_coffee_product  et_pb_css_mix_blend_mode et-last-child et_block_column\">\n\t\t\t\t\n\t\t\t\t\n\t\t\t\t\n\t\t\t\t\n\t\t\t\t<div class=\"et_pb_module et_d4_element et_pb_text et_pb_text_7  et_pb_text_align_center et_pb_bg_layout_light\">\n\t\t\t\t\n\t\t\t\t\n\t\t\t\t\n\t\t\t\t\n\t\t\t\t<div class=\"et_pb_text_inner\"><p>Caf\u00e9 Blend<\/p><\/div>\n\t\t\t<\/div><div class=\"et_pb_module et_d4_element et_pb_text et_pb_text_8  et_pb_text_align_center et_pb_bg_layout_light\">\n\t\t\t\t\n\t\t\t\t\n\t\t\t\t\n\t\t\t\t\n\t\t\t\t<div class=\"et_pb_text_inner\">Descubra um blend equilibrado, criado a partir de gr\u00e3os biol\u00f3gicos cuidadosamente selecionados e cultivados em Monte Caf\u00e9, S\u00e3o Tom\u00e9 e Pr\u00edncipe. Este caf\u00e9 une suavidade e intensidade, oferecendo uma experi\u00eancia harmoniosa e envolvente.<\/div>\n\t\t\t<\/div><div class=\"et_pb_with_border et_pb_module et_d4_element et_pb_code et_pb_code_2  et_pb_text_align_left\">\n\t\t\t\t\n\t\t\t\t\n\t\t\t\t\n\t\t\t\t\n\t\t\t\t<div class=\"et_pb_code_inner\"><div class=\"coffee_pricing\">\n  <div class=\"grinded_coffee\">\n  <h4><strong>MO\u00cdDO<\/strong><\/h4>\n\t\n\t\t<ul>\n      <li>125g<\/li>\n      <li>250g<\/li>\n      <li>500g<\/li>\n      <li>1kg<\/li> \n  <\/ul>\n\t\n<\/div>\n\n<div class=\"roasted_coffee\">\n  <h4><strong>TORRADO<\/strong><\/h4>\n\t\n\t\t<ul>\n      <li>125g<\/li>\n      <li>250g<\/li>\n      <li>500g<\/li>\n      <li>1kg<\/li> \n  <\/ul>\n\t\n<\/div>\n\n<\/div><\/div>\n\t\t\t<\/div><div class=\"et_pb_button_module_wrapper et_pb_button_2_wrapper et_pb_button_alignment_center et_pb_module\">\n\t\t\t\t<a class=\"et_pb_button et_d4_element et_pb_button_2 et_pb_bg_layout_light et_block_module\" href=\"https:\/\/wa.me\/2399010111?text=Hello,%20I%20would%20like%20to%20order%20the%20*COFFEE%20BLEND*.%20Could%20you%20please%20share%20the%20available%20options%20and%20details?%20Thank%20you.\" data-icon=\"\uf232\">Encomendar<\/a>\n\t\t\t<\/div>\n\t\t\t<\/div>\n\t\t\t\t\n\t\t\t\t\n\t\t\t\t\n\t\t\t\t\n\t\t\t<\/div><div class=\"et_pb_with_border et_d4_element et_pb_row et_pb_row_5 et_pb_equal_columns et_pb_gutters1  et_pb_css_mix_blend_mode et_block_row\">\n\t\t\t\t<div class=\"et_d4_element et_pb_column_1_2 et_pb_column et_pb_column_8 right_coffee_product  et_pb_css_mix_blend_mode et_block_column\">\n\t\t\t\t\n\t\t\t\t\n\t\t\t\t\n\t\t\t\t\n\t\t\t\t<div class=\"et_pb_module et_d4_element et_pb_text et_pb_text_9  et_pb_text_align_center et_pb_bg_layout_light\">\n\t\t\t\t\n\t\t\t\t\n\t\t\t\t\n\t\t\t\t\n\t\t\t\t<div class=\"et_pb_text_inner\"><p>Caf\u00e9 Mix<\/p><\/div>\n\t\t\t<\/div><div class=\"et_pb_module et_d4_element et_pb_text et_pb_text_10  et_pb_text_align_center et_pb_bg_layout_light\">\n\t\t\t\t\n\t\t\t\t\n\t\t\t\t\n\t\t\t\t\n\t\t\t\t<div class=\"et_pb_text_inner\">Desfrute de um caf\u00e9 de perfil acess\u00edvel, feito a partir de gr\u00e3os biol\u00f3gicos cultivados em Monte Caf\u00e9, S\u00e3o Tom\u00e9 e Pr\u00edncipe. Pensado para os momentos do dia a dia, oferece um sabor suave com um final delicado e reconfortante.<\/div>\n\t\t\t<\/div><div class=\"et_pb_with_border et_pb_module et_d4_element et_pb_code et_pb_code_3  et_pb_text_align_left\">\n\t\t\t\t\n\t\t\t\t\n\t\t\t\t\n\t\t\t\t\n\t\t\t\t<div class=\"et_pb_code_inner\"><div class=\"coffee_pricing\">\n  <div class=\"grinded_coffee\">\n  <h4><strong>MO\u00cdDO<\/strong><\/h4>\n\t\n\t\t<ul>\n      <li>125g<\/li>\n      <li>250g<\/li>\n      <li>500g<\/li>\n      <li>1kg<\/li> \n  <\/ul>\n\t\n<\/div>\n\n<div class=\"roasted_coffee\">\n  <h4><strong>TORRADO<\/strong><\/h4>\n\t\n\t\t<ul>\n      <li>125g<\/li>\n      <li>250g<\/li>\n      <li>500g<\/li>\n      <li>1kg<\/li> \n  <\/ul>\n\t\n<\/div>\n\n<\/div><\/div>\n\t\t\t<\/div><div class=\"et_pb_button_module_wrapper et_pb_button_3_wrapper et_pb_button_alignment_center et_pb_module\">\n\t\t\t\t<a class=\"et_pb_button et_d4_element et_pb_button_3 et_pb_bg_layout_light et_block_module\" href=\"https:\/\/wa.me\/2399010111?text=Hello,%20I%20would%20like%20to%20order%20the%20*COFFEE%20MIX*.%20Please%20let%20me%20know%20availability%20and%20next%20steps.%20Thank%20you.\" data-icon=\"\uf232\">Encomendar<\/a>\n\t\t\t<\/div>\n\t\t\t<\/div><div class=\"et_d4_element et_pb_column_1_2 et_pb_column et_pb_column_9  et_pb_css_mix_blend_mode et-last-child et_block_column\">\n\t\t\t\t\n\t\t\t\t\n\t\t\t\t\n\t\t\t\t\n\t\t\t\t<div class=\"et_pb_module et_d4_element et_pb_image et_pb_image_3\">\n\t\t\t\t\n\t\t\t\t\n\t\t\t\t\n\t\t\t\t\n\t\t\t\t<span class=\"et_pb_image_wrap\"><img loading=\"lazy\" decoding=\"async\" width=\"1500\" height=\"1950\" src=\"https:\/\/firmaefraim.st\/wp-content\/uploads\/2024\/04\/Cafe-Mix.png\" alt=\"\" title=\"Cafe\u0301 Mix\" srcset=\"https:\/\/firmaefraim.st\/wp-content\/uploads\/2024\/04\/Cafe-Mix.png 1500w, https:\/\/firmaefraim.st\/wp-content\/uploads\/2024\/04\/Cafe-Mix-1280x1664.png 1280w, https:\/\/firmaefraim.st\/wp-content\/uploads\/2024\/04\/Cafe-Mix-980x1274.png 980w, https:\/\/firmaefraim.st\/wp-content\/uploads\/2024\/04\/Cafe-Mix-480x624.png 480w\" sizes=\"(min-width: 0px) and (max-width: 480px) 480px, (min-width: 481px) and (max-width: 980px) 980px, (min-width: 981px) and (max-width: 1280px) 1280px, (min-width: 1281px) 1500px, 100vw\" class=\"wp-image-81972\" \/><\/span>\n\t\t\t<\/div>\n\t\t\t<\/div>\n\t\t\t\t\n\t\t\t\t\n\t\t\t\t\n\t\t\t\t\n\t\t\t<\/div><div class=\"et_d4_element et_pb_row et_pb_row_6 et_pb_equal_columns et_pb_gutters2  et_pb_css_mix_blend_mode et_block_row\">\n\t\t\t\t<div class=\"et_d4_element et_pb_column_4_4 et_pb_column et_pb_column_10  et_pb_css_mix_blend_mode et-last-child et_block_column\">\n\t\t\t\t\n\t\t\t\t\n\t\t\t\t\n\t\t\t\t\n\t\t\t\t<div class=\"et_pb_module et_d4_element et_pb_divider et_pb_divider_1 et_pb_space\"><div class=\"et_pb_divider_internal\"><\/div><\/div><div class=\"et_pb_module et_d4_element et_pb_text et_pb_text_11  et_pb_text_align_left et_pb_bg_layout_light\">\n\t\t\t\t\n\t\t\t\t\n\t\t\t\t\n\t\t\t\t\n\t\t\t\t<div class=\"et_pb_text_inner\"><h1>Cacau<\/h1><\/div>\n\t\t\t<\/div><div class=\"et_pb_module et_d4_element et_pb_text et_pb_text_12  et_pb_text_align_center et_pb_bg_layout_light\">\n\t\t\t\t\n\t\t\t\t\n\t\t\t\t\n\t\t\t\t\n\t\t\t\t<div class=\"et_pb_text_inner\">Cacau de origem sustent\u00e1vel de Monte Caf\u00e9, preservando o sabor natural e a sua origem.<\/div>\n\t\t\t<\/div>\n\t\t\t<\/div>\n\t\t\t\t\n\t\t\t\t\n\t\t\t\t\n\t\t\t\t\n\t\t\t<\/div><div class=\"et_pb_with_border et_d4_element et_pb_row et_pb_row_7 et_pb_equal_columns et_pb_gutters1  et_pb_css_mix_blend_mode et_block_row\">\n\t\t\t\t<div class=\"et_d4_element et_pb_column_1_2 et_pb_column et_pb_column_11  et_pb_css_mix_blend_mode et_block_column\">\n\t\t\t\t\n\t\t\t\t\n\t\t\t\t\n\t\t\t\t\n\t\t\t\t<div class=\"et_pb_module et_d4_element et_pb_image et_pb_image_4\">\n\t\t\t\t\n\t\t\t\t\n\t\t\t\t\n\t\t\t\t\n\t\t\t\t<span class=\"et_pb_image_wrap\"><img loading=\"lazy\" decoding=\"async\" width=\"1080\" height=\"1080\" src=\"https:\/\/firmaefraim.st\/wp-content\/uploads\/2023\/12\/Frame-4.png\" alt=\"\" title=\"Frame 4\" srcset=\"https:\/\/firmaefraim.st\/wp-content\/uploads\/2023\/12\/Frame-4.png 1080w, https:\/\/firmaefraim.st\/wp-content\/uploads\/2023\/12\/Frame-4-980x980.png 980w, https:\/\/firmaefraim.st\/wp-content\/uploads\/2023\/12\/Frame-4-480x480.png 480w\" sizes=\"(min-width: 0px) and (max-width: 480px) 480px, (min-width: 481px) and (max-width: 980px) 980px, (min-width: 981px) 1080px, 100vw\" class=\"wp-image-81770\" \/><\/span>\n\t\t\t<\/div>\n\t\t\t<\/div><div class=\"et_d4_element et_pb_column_1_2 et_pb_column et_pb_column_12 right_coffee_product  et_pb_css_mix_blend_mode et-last-child et_block_column\">\n\t\t\t\t\n\t\t\t\t\n\t\t\t\t\n\t\t\t\t\n\t\t\t\t<div class=\"et_pb_module et_d4_element et_pb_text et_pb_text_13  et_pb_text_align_center et_pb_bg_layout_light\">\n\t\t\t\t\n\t\t\t\t\n\t\t\t\t\n\t\t\t\t\n\t\t\t\t<div class=\"et_pb_text_inner\"><p>Cacau Aperitivo<\/p><\/div>\n\t\t\t<\/div><div class=\"et_pb_module et_d4_element et_pb_text et_pb_text_14  et_pb_text_align_center et_pb_bg_layout_light\">\n\t\t\t\t\n\t\t\t\t\n\t\t\t\t\n\t\t\t\t\n\t\t\t\t<div class=\"et_pb_text_inner\">Delicie-se com um snack de cacau feito a partir de cacau biol\u00f3gico cultivado em Monte Caf\u00e9, S\u00e3o Tom\u00e9 e Pr\u00edncipe. Rico, reconfortante e naturalmente saboroso, \u00e9 um prazer simples enraizado na tradi\u00e7\u00e3o local.<\/div>\n\t\t\t<\/div><div class=\"et_pb_with_border et_pb_module et_d4_element et_pb_code et_pb_code_4  et_pb_text_align_left\">\n\t\t\t\t\n\t\t\t\t\n\t\t\t\t\n\t\t\t\t\n\t\t\t\t<div class=\"et_pb_code_inner\"><div class=\"coffee_pricing\">\n  <div class=\"grinded_coffee\">\n  <h4><strong>MO\u00cdDO<\/strong><\/h4>\n\t\n\t\t<ul>\n      <li>100g<\/li>\n  <\/ul>\n\t\n<\/div>\n\n<div class=\"roasted_coffee\">\n  <h4><strong>TORRADO<\/strong><\/h4>\n\t\n\t\t<ul>\n      <li>100g<\/li>\n  <\/ul>\n\t\n<\/div>\n\n<\/div><\/div>\n\t\t\t<\/div><div class=\"et_pb_button_module_wrapper et_pb_button_4_wrapper et_pb_button_alignment_center et_pb_module\">\n\t\t\t\t<a class=\"et_pb_button et_d4_element et_pb_button_4 et_pb_bg_layout_light et_block_module\" href=\"https:\/\/wa.me\/2399010111?text=Hello,%20I%20would%20like%20to%20order%20the%20*COCOA%20SNACK*.%20Could%20you%20please%20confirm%20availability%20and%20details?%20Thank%20you.\" data-icon=\"\uf232\">Fa\u00e7a a sua encomenda<\/a>\n\t\t\t<\/div>\n\t\t\t<\/div>\n\t\t\t\t\n\t\t\t\t\n\t\t\t\t\n\t\t\t\t\n\t\t\t<\/div><div class=\"et_pb_with_border et_d4_element et_pb_row et_pb_row_8 et_pb_equal_columns et_pb_gutters1  et_pb_css_mix_blend_mode et_block_row\">\n\t\t\t\t<div class=\"et_d4_element et_pb_column_1_2 et_pb_column et_pb_column_13 right_coffee_product  et_pb_css_mix_blend_mode et_block_column\">\n\t\t\t\t\n\t\t\t\t\n\t\t\t\t\n\t\t\t\t\n\t\t\t\t<div class=\"et_pb_module et_d4_element et_pb_text et_pb_text_15  et_pb_text_align_center et_pb_bg_layout_light\">\n\t\t\t\t\n\t\t\t\t\n\t\t\t\t\n\t\t\t\t\n\t\t\t\t<div class=\"et_pb_text_inner\"><p>Cacau em P\u00f3<\/p><\/div>\n\t\t\t<\/div><div class=\"et_pb_module et_d4_element et_pb_text et_pb_text_16  et_pb_text_align_center et_pb_bg_layout_light\">\n\t\t\t\t\n\t\t\t\t\n\t\t\t\t\n\t\t\t\t\n\t\t\t\t<div class=\"et_pb_text_inner\">Experimente cacau em p\u00f3 biol\u00f3gico puro, proveniente de Monte Caf\u00e9, em S\u00e3o Tom\u00e9 e Pr\u00edncipe. Processado com cuidado para preservar a sua profundidade natural, \u00e9 ideal para bebidas quentes e receitas criativas.<\/div>\n\t\t\t<\/div><div class=\"et_pb_with_border et_pb_module et_d4_element et_pb_code et_pb_code_5  et_pb_text_align_left\">\n\t\t\t\t\n\t\t\t\t\n\t\t\t\t\n\t\t\t\t\n\t\t\t\t<div class=\"et_pb_code_inner\"><div class=\"coffee_pricing\">\n  <div class=\"grinded_coffee\">\n  <h4><strong>MO\u00cdDO<\/strong><\/h4>\n\t\n\t\t<ul>\n      <li>100g<\/li>\n  <\/ul>\n\t\n<\/div>\n\n<div class=\"roasted_coffee\">\n  <h4><strong>TORRADO<\/strong><\/h4>\n\t\n\t\t<ul>\n      <li>100g<\/li>\n  <\/ul>\n\t\n<\/div>\n\n<\/div><\/div>\n\t\t\t<\/div><div class=\"et_pb_button_module_wrapper et_pb_button_5_wrapper et_pb_button_alignment_center et_pb_module\">\n\t\t\t\t<a class=\"et_pb_button et_d4_element et_pb_button_5 et_pb_bg_layout_light et_block_module\" href=\"https:\/\/wa.me\/2399010111?text=Hello,%20I%20would%20like%20to%20order%20the%20*COCOA%20POWDER*.%20Please%20let%20me%20know%20the%20available%20options%20and%20how%20to%20proceed.%20Thank%20you.\" data-icon=\"\uf232\">Fa\u00e7a a sua encomenda<\/a>\n\t\t\t<\/div>\n\t\t\t<\/div><div class=\"et_d4_element et_pb_column_1_2 et_pb_column et_pb_column_14  et_pb_css_mix_blend_mode et-last-child et_block_column\">\n\t\t\t\t\n\t\t\t\t\n\t\t\t\t\n\t\t\t\t\n\t\t\t\t<div class=\"et_pb_module et_d4_element et_pb_image et_pb_image_5\">\n\t\t\t\t\n\t\t\t\t\n\t\t\t\t\n\t\t\t\t\n\t\t\t\t<span class=\"et_pb_image_wrap\"><img loading=\"lazy\" decoding=\"async\" width=\"1080\" height=\"1080\" src=\"https:\/\/firmaefraim.st\/wp-content\/uploads\/2023\/12\/Frame-7.png\" alt=\"\" title=\"Frame 7\" srcset=\"https:\/\/firmaefraim.st\/wp-content\/uploads\/2023\/12\/Frame-7.png 1080w, https:\/\/firmaefraim.st\/wp-content\/uploads\/2023\/12\/Frame-7-980x980.png 980w, https:\/\/firmaefraim.st\/wp-content\/uploads\/2023\/12\/Frame-7-480x480.png 480w\" sizes=\"(min-width: 0px) and (max-width: 480px) 480px, (min-width: 481px) and (max-width: 980px) 980px, (min-width: 981px) 1080px, 100vw\" class=\"wp-image-81771\" \/><\/span>\n\t\t\t<\/div>\n\t\t\t<\/div>\n\t\t\t\t\n\t\t\t\t\n\t\t\t\t\n\t\t\t\t\n\t\t\t<\/div>\n\t\t\t\t\n\t\t\t\t\n\t\t\t<\/div>","protected":false},"excerpt":{"rendered":"","protected":false},"author":1,"featured_media":0,"parent":0,"menu_order":0,"comment_status":"closed","ping_status":"closed","template":"","meta":{"inline_featured_image":false,"_et_pb_use_builder":"on","_et_pb_old_content":"","_et_gb_content_width":"","footnotes":""},"class_list":["post-81552","page","type-page","status-publish","hentry"],"_links":{"self":[{"href":"https:\/\/firmaefraim.st\/pt\/wp-json\/wp\/v2\/pages\/81552","targetHints":{"allow":["GET"]}}],"collection":[{"href":"https:\/\/firmaefraim.st\/pt\/wp-json\/wp\/v2\/pages"}],"about":[{"href":"https:\/\/firmaefraim.st\/pt\/wp-json\/wp\/v2\/types\/page"}],"author":[{"embeddable":true,"href":"https:\/\/firmaefraim.st\/pt\/wp-json\/wp\/v2\/users\/1"}],"replies":[{"embeddable":true,"href":"https:\/\/firmaefraim.st\/pt\/wp-json\/wp\/v2\/comments?post=81552"}],"version-history":[{"count":108,"href":"https:\/\/firmaefraim.st\/pt\/wp-json\/wp\/v2\/pages\/81552\/revisions"}],"predecessor-version":[{"id":82241,"href":"https:\/\/firmaefraim.st\/pt\/wp-json\/wp\/v2\/pages\/81552\/revisions\/82241"}],"wp:attachment":[{"href":"https:\/\/firmaefraim.st\/pt\/wp-json\/wp\/v2\/media?parent=81552"}],"curies":[{"name":"wp","href":"https:\/\/api.w.org\/{rel}","templated":true}]}}